{"id":194,"date":"2010-10-02T15:45:39","date_gmt":"2010-10-02T15:45:39","guid":{"rendered":"http:\/\/www.amfm53.org\/?page_id=194"},"modified":"2026-03-11T20:18:32","modified_gmt":"2026-03-11T20:18:32","slug":"les-expositions","status":"publish","type":"page","link":"https:\/\/www.amfm53.org\/?page_id=194","title":{"rendered":"Les Expositions"},"content":{"rendered":"\n<p>L&rsquo;AMFM expose les r\u00e9alisations de l&rsquo;association et de ses membres \u00e0 travers la France, l&rsquo;occasion de partager son savoir faire et ses connaissances avec le public, les autres clubs et particuliers passionn\u00e9s&nbsp;par le&nbsp;mod\u00e9lisme ferroviaire.<\/p>\n\n\n\n<h2 class=\"wp-block-heading\"><a title=\"Expositions \u00e0 venir\" href=\"http:\/\/www.amfm53.org\/?page_id=557\"><strong>A venir &#8230;<\/strong><\/a><\/h2>\n\n\n\n<p><strong>et d\u00e9j\u00e0 pass\u00e9es<\/strong><\/p>\n\n\n\n<ul class=\"wp-block-list\">\n<li>Laval &#8211; Salon de la BD                                           8 f\u00e9vrier 2026<\/li>\n\n\n\n<li>&#8230;<\/li>\n\n\n\n<li>Maubeuge&nbsp;&nbsp;&nbsp;&nbsp;&nbsp;&nbsp;&nbsp;&nbsp;&nbsp;&nbsp;&nbsp;&nbsp;&nbsp;&nbsp;&nbsp;&nbsp;&nbsp;&nbsp;&nbsp;&nbsp;&nbsp;&nbsp;&nbsp;&nbsp;&nbsp;&nbsp;&nbsp;&nbsp;&nbsp;&nbsp;&nbsp;&nbsp;&nbsp;&nbsp;&nbsp;&nbsp;&nbsp;&nbsp;&nbsp;&nbsp;&nbsp;&nbsp;&nbsp;&nbsp;&nbsp;&nbsp;&nbsp;&nbsp;&nbsp;&nbsp;&nbsp;&nbsp; 14-15 septembre 2019<\/li>\n\n\n\n<li>Rann\u00e9e\u00a0 \u00a0 \u00a0 \u00a0 \u00a0 \u00a0 \u00a0 \u00a0 \u00a0 \u00a0 \u00a0 \u00a0 \u00a0 \u00a0 \u00a0 \u00a0 \u00a0 \u00a0 \u00a0 \u00a0 \u00a0 \u00a0 \u00a0 \u00a0 \u00a0 \u00a0 \u00a0 \u00a0 \u00a0 dimanche 5 mai 2019<\/li>\n\n\n\n<li>Plon\u00e9our-Lanvern\u00a0 \u00a0 \u00a0 \u00a0 \u00a0 \u00a0 \u00a0 \u00a0 \u00a0 \u00a0 \u00a0 \u00a0 \u00a0 \u00a0 \u00a0 \u00a0 \u00a0 \u00a0 \u00a0 12 et 13 janvier 2019<\/li>\n\n\n\n<li>Les Herbiers, F\u00e9d\u00e9rail\u00a0 \u00a0 \u00a0 \u00a0 \u00a0 \u00a0 \u00a0 \u00a0 \u00a0 \u00a0 \u00a0 \u00a0 \u00a0 \u00a0 \u00a0 \u00a0 \u00a0\u00a0 \u00a0 9 et 10 juin 2018<\/li>\n\n\n\n<li>Rann\u00e9e (35)\u00a0 \u00a0 \u00a0 \u00a0 \u00a0 \u00a0 \u00a0 \u00a0 \u00a0 \u00a0 \u00a0 \u00a0 \u00a0 \u00a0 \u00a0 \u00a0 \u00a0 \u00a0 \u00a0 \u00a0 \u00a0 \u00a0 \u00a0 \u00a0 \u00a0\u00a0 dimanche 6 mai 2018<\/li>\n\n\n\n<li>Rez\u00e9 (44)\u2003\u2003 \u00a0\u00a0\u00a0\u00a0\u00a0\u00a0\u00a0\u00a0\u00a0\u00a0\u00a0\u00a0\u00a0\u00a0\u00a0\u00a0\u00a0\u00a0\u00a0\u00a0\u00a0\u00a0\u00a0\u00a0\u00a0\u00a0\u00a0\u00a0\u00a0\u00a0\u00a0\u00a0\u00a0\u00a0\u00a0\u00a0\u00a0\u00a0\u00a0\u00a0\u00a0\u00a0\u00a0\u00a0\u00a0\u00a0\u00a0\u00a0 28 et 29 octobre 2017<\/li>\n\n\n\n<li>Montreuil-Juign\u00e9 (49)\u2003\u2003\u00a0\u00a0\u00a0\u00a0\u00a0\u00a0\u00a0\u00a0\u00a0\u00a0\u00a0\u00a0\u00a0\u00a0\u00a0\u00a0\u00a0\u00a0\u00a0\u00a0\u00a0\u00a0\u00a0\u00a0 20 et 21 octobre 2017<\/li>\n\n\n\n<li>Laval &#8211; Maison du tourisme (53)\u00a0\u00a0 \u00a0 \u00a0\u00a0 du mercredi 21 juin au jeudi 29 juin 2017<\/li>\n\n\n\n<li>La Baconni\u00e8re (53)\u00a0\u00a0\u00a0\u00a0\u00a0\u00a0\u00a0\u00a0\u00a0\u00a0\u00a0\u00a0\u00a0\u00a0\u00a0\u00a0\u00a0\u00a0\u00a0\u00a0\u00a0\u00a0\u00a0\u00a0\u00a0\u00a0\u00a0\u00a0\u00a0\u00a0\u00a0\u00a0\u00a0\u00a0\u00a0\u00a0 dimanche 11 juin 2017<\/li>\n\n\n\n<li>Rann\u00e9e (35)\u00a0\u00a0\u00a0\u00a0\u00a0\u00a0\u00a0\u00a0\u00a0\u00a0\u00a0\u00a0\u00a0\u00a0\u00a0\u00a0\u00a0\u00a0\u00a0\u00a0\u00a0\u00a0\u00a0\u00a0\u00a0\u00a0\u00a0\u00a0\u00a0\u00a0\u00a0\u00a0\u00a0\u00a0\u00a0\u00a0\u00a0\u00a0\u00a0\u00a0\u00a0\u00a0\u00a0\u00a0\u00a0\u00a0\u00a0\u00a0\u00a0 dimanche 30 avril 2017<\/li>\n\n\n\n<li>Laval &#8211; Maison de Quartier Hilard\u00a0\u00a0\u00a0\u00a0 samedi 10 d\u00e9cembre 2016<\/li>\n\n\n\n<li>Laval -Salon du train miniature (53) \u00a0 samedi 8 et dimanche 9 octobre 2016<\/li>\n\n\n\n<li>Rann\u00e9e (35) \u00a0 \u00a0 \u00a0 \u00a0 \u00a0 \u00a0 \u00a0 \u00a0 \u00a0 \u00a0 \u00a0 \u00a0 \u00a0 \u00a0 \u00a0 \u00a0 \u00a0 \u00a0 \u00a0 \u00a0\u00a0\u00a0\u00a0\u00a0 dimanche 3 mai 2016<\/li>\n\n\n\n<li>Laval &#8211; Salon du jouet (53) \u00a0 \u00a0 \u00a0 \u00a0 \u00a0 \u00a0 \u00a0\u00a0\u00a0\u00a0\u00a0\u00a0 28-29 novembre 2015<\/li>\n\n\n\n<li>Cherbourg (50)\u00a0\u00a0\u00a0\u00a0\u00a0\u00a0\u00a0\u00a0\u00a0\u00a0\u00a0\u00a0\u00a0\u00a0\u00a0\u00a0\u00a0\u00a0\u00a0\u00a0\u00a0\u00a0\u00a0\u00a0\u00a0\u00a0\u00a0\u00a0\u00a0\u00a0\u00a0\u00a0\u00a0\u00a0 5-6 d\u00e9cembre 2015<\/li>\n\n\n\n<li>Montreuil-Juign\u00e9 (49)\u00a0\u00a0\u00a0\u00a0\u00a0\u00a0\u00a0\u00a0\u00a0\u00a0\u00a0\u00a0\u00a0\u00a0\u00a0\u00a0\u00a0\u00a0\u00a0\u00a0\u00a0\u00a0 17-18 octobre 2015<\/li>\n\n\n\n<li>St-Mars-la-Futaie\u00a0\u00a0\u00a0\u00a0\u00a0\u00a0\u00a0\u00a0\u00a0\u00a0\u00a0\u00a0\u00a0\u00a0\u00a0\u00a0\u00a0\u00a0\u00a0\u00a0\u00a0\u00a0\u00a0\u00a0\u00a0\u00a0\u00a0\u00a0 27 septembre 2015<\/li>\n\n\n\n<li>St-Ouen-des-Toits (53) \u00a0 \u00a0 \u00a0 \u00a0 \u00a0 \u00a0 \u00a0 \u00a0 \u00a0 \u00a0samedi 11 et dimanche 12 juillet 2015<\/li>\n\n\n\n<li>Rann\u00e9e (35) \u00a0 \u00a0 \u00a0 \u00a0 \u00a0 \u00a0 \u00a0 \u00a0 \u00a0 \u00a0 \u00a0 \u00a0 \u00a0 \u00a0 \u00a0 \u00a0 \u00a0 \u00a0 \u00a0 \u00a0\u00a0dimanche 03 mai 2015<\/li>\n\n\n\n<li>Orl\u00e9ans \u00a0 \u00a0 \u00a0 \u00a0 \u00a0 \u00a0 \u00a0 \u00a0 \u00a0 \u00a0 \u00a0 \u00a0 \u00a0 \u00a0 \u00a0 \u00a0 \u00a0 \u00a0 \u00a0 \u00a0 \u00a0 \u00a0 \u00a0 \u00a0 \u00a0les 8\u00a0et\u00a09 novembre 2014<\/li>\n\n\n\n<li>Cond\u00e9 sur Noireau \u00a0 \u00a0 \u00a0 \u00a0 \u00a0 \u00a0 \u00a0 \u00a0 \u00a0 \u00a0 \u00a0 \u00a0 \u00a0 \u00a0 \u00a0 27 et 28 septembre 2014<\/li>\n\n\n\n<li>Saint Avertin \u00a0 \u00a0 \u00a0 \u00a0 \u00a0 \u00a0 \u00a0 \u00a0 \u00a0 \u00a0 \u00a0 \u00a0 \u00a0 \u00a0 \u00a0 \u00a0 \u00a0 \u00a0 \u00a0 \u00a0 26 et 27 avril 2014<\/li>\n\n\n\n<li>Rann\u00e9e \u00a0 \u00a0 \u00a0 \u00a0 \u00a0 \u00a0 \u00a0 \u00a0 \u00a0 \u00a0 \u00a0 \u00a0 \u00a0 \u00a0 \u00a0 \u00a0 \u00a0 \u00a0 \u00a0 \u00a0 \u00a0 \u00a0 \u00a0 \u00a0 \u00a0 5 mai 2013<\/li>\n\n\n\n<li>Rochefort-sur-mer \u00a0 \u00a0 \u00a0 \u00a0 \u00a0 \u00a0 \u00a0 \u00a0 \u00a0 \u00a0 \u00a0 \u00a0 \u00a0 \u00a0 \u00a0 20 et 21 avril 2013<\/li>\n\n\n\n<li>Etampes \u00a0 \u00a0 \u00a0 \u00a0 \u00a0 \u00a0 \u00a0 \u00a0 \u00a0 \u00a0 \u00a0 \u00a0 \u00a0 \u00a0 \u00a0 \u00a0 \u00a0 \u00a0 \u00a0 \u00a0 \u00a0 \u00a0 \u00a0 \u00a0 \u00a013 et 14 avril 2013<\/li>\n\n\n\n<li>Pellouailles-les-Vignes \u00a0 \u00a0 \u00a0 \u00a0 \u00a0 \u00a0 \u00a0 \u00a0 \u00a0 \u00a0 \u00a0les 13 et 14 octobre 2012<\/li>\n\n\n\n<li>Coutances \u00a0 \u00a0 \u00a0 \u00a0 \u00a0 \u00a0 \u00a0 \u00a0 \u00a0 \u00a0 \u00a0 \u00a0 \u00a0 \u00a0 \u00a0 \u00a0 \u00a0 \u00a0 \u00a0 \u00a0 \u00a0 \u00a0 \u00a0 les 13 et 14 octobre 2012<\/li>\n\n\n\n<li>Chatellerault \u00a0 \u00a0 \u00a0 \u00a0 \u00a0 \u00a0 \u00a0 \u00a0 \u00a0 \u00a0 \u00a0 \u00a0 \u00a0 \u00a0 \u00a0 \u00a0 \u00a0 \u00a0 \u00a0 \u00a0 \u00a0les 28 et 29 septembre 2012<\/li>\n\n\n\n<li>Rann\u00e9e (35)\u00a0\u00a0\u00a0\u00a0\u00a0\u00a0\u00a0\u00a0\u00a0\u00a0\u00a0\u00a0\u00a0\u00a0\u00a0\u00a0\u00a0\u00a0\u00a0\u00a0\u00a0\u00a0\u00a0\u00a0\u00a0\u00a0\u00a0\u00a0\u00a0\u00a0\u00a0\u00a0\u00a0\u00a0\u00a0\u00a0\u00a0\u00a0\u00a0\u00a0\u00a0\u00a0 le 6 mai 2012<\/li>\n\n\n\n<li>Centre commercial \u00ab\u00a0La Mayenne\u00a0\u00bb \u00e0 Laval\u00a0\u00a0\u00a0 du 9 au 14 avril 2012<\/li>\n\n\n\n<li>Ferroviair&rsquo;Mans Le Mans\u00a0\u00a0\u00a0\u00a0\u00a0\u00a0\u00a0\u00a0\u00a0\u00a0\u00a0\u00a0\u00a0\u00a0\u00a0\u00a0\u00a0\u00a0\u00a0 les 1er et 2 octobre 2011<\/li>\n\n\n\n<li>Forum des associations Laval\u00a0\u00a0\u00a0\u00a0\u00a0\u00a0\u00a0\u00a0\u00a0\u00a0\u00a0\u00a0\u00a0 le 11 septembre 2011<\/li>\n\n\n\n<li>Lu\u00e7on (85)\u00a0\u00a0\u00a0\u00a0\u00a0\u00a0\u00a0\u00a0\u00a0\u00a0\u00a0\u00a0\u00a0\u00a0\u00a0\u00a0\u00a0\u00a0\u00a0\u00a0\u00a0\u00a0\u00a0\u00a0\u00a0\u00a0\u00a0\u00a0\u00a0\u00a0\u00a0\u00a0\u00a0\u00a0\u00a0\u00a0\u00a0\u00a0\u00a0\u00a0\u00a0\u00a0\u00a0\u00a0\u00a0\u00a0\u00a0 les 7 et 8\u00a0 mai 2011<\/li>\n\n\n\n<li><strong>\u00a0<\/strong>Rann\u00e9e (35)\u00a0\u00a0\u00a0\u00a0\u00a0\u00a0\u00a0\u00a0\u00a0\u00a0\u00a0\u00a0\u00a0\u00a0\u00a0\u00a0\u00a0\u00a0\u00a0\u00a0\u00a0\u00a0\u00a0\u00a0\u00a0\u00a0\u00a0\u00a0\u00a0\u00a0\u00a0\u00a0\u00a0\u00a0\u00a0\u00a0\u00a0\u00a0\u00a0\u00a0\u00a0\u00a0\u00a0\u00a0 le 1er mai 2011<\/li>\n\n\n\n<li>St BRIEUC (22)\u00a0\u00a0\u00a0\u00a0\u00a0\u00a0\u00a0\u00a0\u00a0\u00a0\u00a0\u00a0\u00a0\u00a0\u00a0\u00a0\u00a0\u00a0\u00a0\u00a0\u00a0\u00a0\u00a0\u00a0\u00a0\u00a0\u00a0\u00a0\u00a0\u00a0\u00a0\u00a0\u00a0\u00a0\u00a0\u00a0\u00a0\u00a0\u00a0les 5 et 6 mars 2011<\/li>\n\n\n\n<li>Laval f\u00eate le train\u00a0\u00a0\u00a0\u00a0\u00a0\u00a0\u00a0\u00a0\u00a0\u00a0\u00a0\u00a0\u00a0\u00a0\u00a0\u00a0\u00a0\u00a0\u00a0\u00a0\u00a0\u00a0\u00a0\u00a0\u00a0\u00a0\u00a0\u00a0\u00a0\u00a0\u00a0\u00a0\u00a0\u00a0\u00a0\u00a0les 29 et 30 janvier 2011<\/li>\n\n\n\n<li>Centre commercial \u00ab\u00a0La Mayenne \u00a0\u00bb LAVAl (53)\u00a0\u00a0\u00a0 les 14 et\u00a015 janvier 2011<\/li>\n\n\n\n<li>Louvern\u00e9 (d\u00e9pt 53)\u00a0\u00a0\u00a0\u00a0\u00a0\u00a0\u00a0\u00a0\u00a0\u00a0\u00a0\u00a0\u00a0\u00a0\u00a0\u00a0\u00a0\u00a0\u00a0\u00a0\u00a0\u00a0\u00a0\u00a0\u00a0\u00a0\u00a0\u00a0\u00a0\u00a0\u00a0\u00a0les 27 et 28 novembre 2010<\/li>\n\n\n\n<li>Rail Expo 2010\u00a0\u00a0\u00a0\u00a0\u00a0\u00a0\u00a0\u00a0\u00a0\u00a0\u00a0\u00a0\u00a0\u00a0\u00a0\u00a0\u00a0\u00a0\u00a0\u00a0\u00a0\u00a0\u00a0\u00a0\u00a0\u00a0\u00a0\u00a0\u00a0\u00a0\u00a0\u00a0\u00a0\u00a0\u00a0\u00a0\u00a0\u00a0\u00a0\u00a0les 12, 13 et 14 novembre 2010<\/li>\n\n\n\n<li>ORLEANS\u00a0\u00a0\u00a0\u00a0\u00a0\u00a0\u00a0\u00a0\u00a0\u00a0\u00a0\u00a0\u00a0\u00a0\u00a0\u00a0\u00a0\u00a0\u00a0\u00a0\u00a0\u00a0\u00a0\u00a0\u00a0\u00a0\u00a0\u00a0\u00a0\u00a0\u00a0\u00a0\u00a0\u00a0\u00a0\u00a0\u00a0\u00a0\u00a0\u00a0\u00a0\u00a0\u00a0\u00a0\u00a0\u00a0\u00a0\u00a0les 6 et 7 novembre 2010<\/li>\n\n\n\n<li>PACE\u00a0\u00a0\u00a0(35)\u00a0\u00a0\u00a0\u00a0\u00a0\u00a0\u00a0\u00a0\u00a0\u00a0\u00a0\u00a0\u00a0\u00a0\u00a0\u00a0\u00a0\u00a0\u00a0\u00a0\u00a0\u00a0\u00a0\u00a0\u00a0\u00a0\u00a0\u00a0\u00a0\u00a0\u00a0\u00a0\u00a0\u00a0\u00a0\u00a0\u00a0\u00a0\u00a0\u00a0\u00a0\u00a0\u00a0\u00a0\u00a0\u00a0 les 9 et 10 octobre 2010<\/li>\n\n\n\n<li>PELLOUIALLES LES VIGNES (49)\u00a0\u00a0 les 9 et 10 octobre 2010<\/li>\n\n\n\n<li>DINAN\u00a0\u00a0\u00a0(35)\u00a0\u00a0\u00a0\u00a0\u00a0\u00a0\u00a0\u00a0\u00a0\u00a0\u00a0\u00a0\u00a0\u00a0\u00a0\u00a0\u00a0\u00a0\u00a0\u00a0\u00a0\u00a0\u00a0\u00a0\u00a0\u00a0\u00a0\u00a0\u00a0\u00a0\u00a0\u00a0\u00a0\u00a0\u00a0\u00a0\u00a0\u00a0\u00a0\u00a0\u00a0\u00a0 \u00a0les 11 et 12 septembre 2010<\/li>\n\n\n\n<li>MESSAC (d\u00e9pt 35)\u00a0\u00a0\u00a0\u00a0\u00a0\u00a0\u00a0\u00a0\u00a0\u00a0\u00a0\u00a0\u00a0\u00a0\u00a0\u00a0\u00a0\u00a0\u00a0\u00a0\u00a0\u00a0\u00a0\u00a0\u00a0\u00a0\u00a0\u00a0\u00a0\u00a0\u00a0\u00a0\u00a0\u00a0en 2010<\/li>\n\n\n\n<li>CAPDENAC GARE (d\u00e9pt 12)\u00a0\u00a0\u00a0\u00a0\u00a0\u00a0\u00a0\u00a0\u00a0\u00a0\u00a0\u00a0\u00a0\u00a0\u00a0\u00a0en 2010<\/li>\n\n\n\n<li>ST AVERTIN (d\u00e9pt 37)\u00a0\u00a0\u00a0\u00a0\u00a0\u00a0\u00a0\u00a0\u00a0\u00a0\u00a0\u00a0\u00a0\u00a0\u00a0\u00a0\u00a0\u00a0\u00a0\u00a0\u00a0\u00a0\u00a0\u00a0\u00a0\u00a0en 2010<\/li>\n\n\n\n<li>BOURBARRE (d\u00e9pt 35)\u00a0\u00a0\u00a0\u00a0\u00a0\u00a0\u00a0\u00a0\u00a0\u00a0\u00a0\u00a0\u00a0\u00a0\u00a0\u00a0\u00a0\u00a0\u00a0\u00a0\u00a0\u00a0\u00a0\u00a0\u00a0en 2010<\/li>\n\n\n\n<li>REZE (D\u00e9pt 44)\u00a0\u00a0\u00a0\u00a0\u00a0\u00a0\u00a0\u00a0\u00a0\u00a0\u00a0\u00a0\u00a0\u00a0\u00a0\u00a0\u00a0\u00a0\u00a0\u00a0\u00a0\u00a0\u00a0\u00a0\u00a0\u00a0\u00a0\u00a0\u00a0\u00a0\u00a0\u00a0\u00a0\u00a0\u00a0\u00a0\u00a0\u00a0\u00a0en 2009<\/li>\n\n\n\n<li>DIEPPE (d\u00e9pt 76)\u00a0\u00a0\u00a0\u00a0\u00a0\u00a0\u00a0\u00a0\u00a0\u00a0\u00a0\u00a0\u00a0\u00a0\u00a0\u00a0\u00a0\u00a0\u00a0\u00a0\u00a0\u00a0\u00a0\u00a0\u00a0\u00a0\u00a0\u00a0\u00a0\u00a0\u00a0\u00a0\u00a0\u00a0\u00a0\u00a0en 2007 et 2009<\/li>\n\n\n\n<li>PACY SUR EURE (d\u00e9pt 27 expo RailOnorm)\u00a0\u00a0en 2008<\/li>\n<\/ul>\n","protected":false},"excerpt":{"rendered":"\n<p>L&rsquo;AMFM expose les r\u00e9alisations de l&rsquo;association et de ses membres \u00e0 travers la France, l&rsquo;occasion de partager son savoir faire et ses connaissances avec le public, les autres clubs et particuliers passionn\u00e9s&nbsp;par le&nbsp;mod\u00e9lisme ferroviaire.<\/p>\n<p> A venir &#8230; <\/p>\n<p>et d\u00e9j\u00e0 pass\u00e9es<\/p>\n<p> Laval &#8211; Salon de la BD 8 f\u00e9vrier 2026 &#8230; Maubeuge&nbsp;&nbsp;&nbsp;&nbsp;&nbsp;&nbsp;&nbsp;&nbsp;&nbsp;&nbsp;&nbsp;&nbsp;&nbsp;&nbsp;&nbsp;&nbsp;&nbsp;&nbsp;&nbsp;&nbsp;&nbsp;&nbsp;&nbsp;&nbsp;&nbsp;&nbsp;&nbsp;&nbsp;&nbsp;&nbsp;&nbsp;&nbsp;&nbsp;&nbsp;&nbsp;&nbsp;&nbsp;&nbsp;&nbsp;&nbsp;&nbsp;&nbsp;&nbsp;&nbsp;&nbsp;&nbsp;&nbsp;&nbsp;&nbsp;&nbsp;&nbsp;&nbsp; 14-15 septembre 2019 [&#8230;]<\/p>\n","protected":false},"author":3,"featured_media":0,"parent":8,"menu_order":4,"comment_status":"closed","ping_status":"closed","template":"","meta":{"footnotes":""},"class_list":["post-194","page","type-page","status-publish","hentry","odd"],"_links":{"self":[{"href":"https:\/\/www.amfm53.org\/index.php?rest_route=\/wp\/v2\/pages\/194","targetHints":{"allow":["GET"]}}],"collection":[{"href":"https:\/\/www.amfm53.org\/index.php?rest_route=\/wp\/v2\/pages"}],"about":[{"href":"https:\/\/www.amfm53.org\/index.php?rest_route=\/wp\/v2\/types\/page"}],"author":[{"embeddable":true,"href":"https:\/\/www.amfm53.org\/index.php?rest_route=\/wp\/v2\/users\/3"}],"replies":[{"embeddable":true,"href":"https:\/\/www.amfm53.org\/index.php?rest_route=%2Fwp%2Fv2%2Fcomments&post=194"}],"version-history":[{"count":39,"href":"https:\/\/www.amfm53.org\/index.php?rest_route=\/wp\/v2\/pages\/194\/revisions"}],"predecessor-version":[{"id":1917,"href":"https:\/\/www.amfm53.org\/index.php?rest_route=\/wp\/v2\/pages\/194\/revisions\/1917"}],"up":[{"embeddable":true,"href":"https:\/\/www.amfm53.org\/index.php?rest_route=\/wp\/v2\/pages\/8"}],"wp:attachment":[{"href":"https:\/\/www.amfm53.org\/index.php?rest_route=%2Fwp%2Fv2%2Fmedia&parent=194"}],"curies":[{"name":"wp","href":"https:\/\/api.w.org\/{rel}","templated":true}]}}